{"id":464,"date":"2015-12-26T07:53:48","date_gmt":"2015-12-26T07:53:48","guid":{"rendered":"http:\/\/fabiolamenchelli.com\/?page_id=464"},"modified":"2025-11-18T19:12:20","modified_gmt":"2025-11-19T01:12:20","slug":"prensa","status":"publish","type":"page","link":"https:\/\/fabiolamenchelli.com\/es\/prensa\/","title":{"rendered":"Prensa"},"content":{"rendered":"<p><a href=\"https:\/\/glasstire.com\/2025\/08\/25\/review-fabiola-menchelli-ombre-at-the-contemporary-at-blue-star-san-antonio\/\" target=\"_blank\" rel=\"noopener\">Glasstire review: \u201cFabiola Menchelli: ombr\u00e9\u201d at The Contemporary at Blue Star, San Antonio by Caroline Frost<\/a><\/p>\n<p><a href=\"https:\/\/bombmagazine.org\/articles\/2025\/02\/26\/fabiola-menchelli-by-bean-gilsdorf\/\" target=\"_blank\" rel=\"noopener\">BOMB Magazine &#8211; Time slips in the darkness\u2028Interview with Fabiola Menchelli by Bean Gilsdorf<\/a><\/p>\n<p class=\"p1\"><a href=\"https:\/\/fabiolamenchelli.com\/ondamx.pdf\" target=\"_blank\" rel=\"noopener\"><span class=\"s1\">OndaMx &#8211; Fabiola Menchelli: Plegar la Luz, <\/span><span class=\"s1\">por Carolina Magis Weinberg<\/span><\/a><\/p>\n<p><a href=\"fabiolamenchelli.com\/acerca-del-doble.pdf\" target=\"_blank\" rel=\"noopener\">Vist &#8211; Acerca del doble, y su doblez: Entrevista a Fabiola Menchelli Por Elena Navarro<\/a><\/p>\n<p class=\"p1\"><a href=\"http:\/\/fabiolamenchelli.com\/darkmoves.pdf\"><span class=\"s1\">Dark Moves &#8211; Darkness as a Medium: Stephanie Snyder and Fabiola Menchelli in conversation<\/span><\/a><\/p>\n<p><a href=\"http:\/\/all-about-photo.com\/photo-articles\/photo-article\/1813\/exclusive-interview-with-fabiola-mechelli\" target=\"_blank\" rel=\"noopener\">All About Photo Magazine &#8211; Interview with Fabiola Menchelli \u2028by Sandrine Hermand-Grisel<\/a><\/p>\n<p class=\"p1\"><a href=\"https:\/\/www.latempestad.mx\/tag\/fabiola-menchelli\/\" target=\"_blank\" rel=\"noopener\">LA TEMPESTAD, Fabiola Menchelli By Mar\u00eda Olivera<\/a><\/p>\n<p class=\"p1\"><a href=\"https:\/\/www.ondamx.art\/escrito\/Fabiola%20Menchelli%3A%20plegar%20la%20luz-pKqOVEucie300coBa1RN\" target=\"_blank\" rel=\"noopener\">ONDA MX, Review Fabiola Menchelli: Folding Light by Carolina Magis Weinberg<\/a><\/p>\n<p class=\"p1\"><a href=\"https:\/\/www.artsy.net\/article\/artsy-editorial-11-contemporary-artists-working-abstract-photography\" target=\"_blank\" rel=\"noopener\">ARTSY, 11 Contemporary Artists Working in Abstract Photography Elyssa Goodman<\/a><\/p>\n<p class=\"p1\"><a href=\"https:\/\/www.artnews.com\/list\/art-news\/market\/best-booths-material-art-fair-2023-1234656926\/fabiola-menchelli-at-proxyco\/\" target=\"_blank\" rel=\"noopener\">ARTNEWS The Best Booths at Mexico City\u2019s Material Art Fair\u2028From Feminist Photography to an Ambitious Art Bar<\/a><\/p>\n<p class=\"p1\"><a href=\"https:\/\/fabiolamenchelli.com\/osmos.pdf\" target=\"_blank\" rel=\"noopener\">OSMOS Magazine, Fabiola Menchelli, by Stephanie Snyder<\/a><\/p>\n<p class=\"p1\"><a href=\"https:\/\/fabiolamenchelli.com\/aperture.pdf\" target=\"_blank\" rel=\"noopener\">APERTURE Magazine, Under the Blue Sun, by Kate Palmer Albers<\/a><\/p>\n<p><a href=\"https:\/\/fabiolamenchelli.com\/arroniz-2022-esp.pdf\" target=\"_blank\" rel=\"noopener\">ARRONIZ, I carry all the names I&#8217;m given, Fabiola Menchelli, by Laura Orozco<\/a><\/p>\n<p><a href=\"https:\/\/www.lofficielmexico.com\/arte-y-cultura\/fabiola-menchelli-artista-mexicana\">L&#8217;OFFICIEL Art M\u00e9xico Fabiola Menchelli, Septiembre 2021.<\/a><\/p>\n<p><a href=\"https:\/\/terremoto.mx\/en\/online\/versus-no-2-de-fabiola-menchelli-y-francisco-castro-lenero-en-arroniz-mexico\/\" target=\"_blank\" rel=\"noopener\">TERREMOTO, Versus No. 2: Fabiola Menchelli and Francisco Castro Le\u00f1ero at Galeria Arr\u00f3niz, Mexico, Octubre 2020.<\/a><\/p>\n<p><a href=\"http:\/\/fabiolamenchelli.com\/AD_menchelli.pdf\" target=\"_blank\" rel=\"noopener noreferrer\">AD MEXICO: ARCHITECTURAL DIGEST MEXICO- Fabiola Menchelli Arquitectura de la Luz por Santiago Toca Uriarte, Febrero 2020<\/a><\/p>\n<p><a href=\"https:\/\/glasstire.com\/2020\/01\/11\/a-grain-in-the-eye-of-the-mountain-at-fundacion-marso\/\" target=\"_blank\" rel=\"noopener noreferrer\">GLASSTIRE A Grain in the Eye of the Mountain at Fundaci\u00f3n MARSO by Othiana Roffiel<\/a><\/p>\n<p><a href=\"https:\/\/www.latempestad.mx\/sala-gam-2\/\" target=\"_blank\" rel=\"noopener noreferrer\">LA TEMPESTAD Sala:GAM, muestra de aniversario Ciudad de M\u00e9xico, MEX<\/a><\/p>\n<p><a href=\"https:\/\/www.artforum.com\/uploads\/guide.005\/id03084\/press_release.pdf\" target=\"_blank\" rel=\"noopener noreferrer\">BLAIN SOUTHERN Approaching Abstraction, London, UK<\/a><\/p>\n<p><a href=\"http:\/\/gastv.mx\/una-habitacion-esta-compuesta-por-otros-espacios\/\" target=\"_blank\" rel=\"noopener noreferrer\">GASTV Una Habitaci\u00f3n Est\u00e1 Compuesta Por Otros Espacios Ciudad de M\u00e9xico, MEX<\/a><\/p>\n<p><a href=\"http:\/\/www.chopo.unam.mx\/exposiciones\/Apariencias.html\" target=\"_blank\" rel=\"noopener noreferrer\">CHOPO MUSEUM Las apariencias enga\u00f1an: Exploraciones a partir de la fotograf\u00eda en M\u00e9xico Ciudad de M\u00e9xico, MEX<\/a><\/p>\n<p><a href=\"https:\/\/www.bienalfemsa.com\/publicicaciones\/\" target=\"_blank\" rel=\"noopener noreferrer\">XII Bienal FEMSA Cat\u00e1logo de exposici\u00f3n, Centro de las Artes, Monterrey Nuevo Leon, MEX<\/a><\/p>\n<p><a href=\"http:\/\/edition.cnn.com\/2016\/06\/29\/arts\/fabiola-menchelli-mexico-art\/\" target=\"_blank\" rel=\"noopener noreferrer\">CNN Style Fabiola Menchelli, la fot\u00f3grafa mexicana que est\u00e1 reimaginando la arquitectura por Alyn Griffiths, USA<\/a><\/p>\n<p><a href=\"http:\/\/gastv.mx\/entrevista-fabiola-menchelli\/\" target=\"_blank\" rel=\"noopener noreferrer\">GAS TV Entrevista a Fabiola Menchelli por Andrea Garc\u00eda Cuevas, MEX<\/a><\/p>\n<p><a href=\"http:\/\/terremoto.mx\/article\/fabiola-menchelli\/\" target=\"_blank\" rel=\"noopener noreferrer\">TERREMOTO Fabiola Menchelli por Magnolia De La Garza, MEX<\/a><\/p>\n<p><a href=\"http:\/\/terremoto.mx\/737\/\" target=\"_blank\" rel=\"noopener noreferrer\">TERREMOTO Constructions por Brett Schultz, MEX<\/a><\/p>\n<p><a href=\"https:\/\/flash---art.com\/2015\/01\/fabiola-menchelli-yautepecmexico-city\/\" target=\"_blank\" rel=\"noopener\">FLASH ART Constructions Fabiola Menchelli en Galera Yautepec por Lesslie Moodie, USA<\/a><\/p>\n<p><a href=\"http:\/\/www.cronica.com.mx\/notas\/2014\/873295.html\" target=\"_blank\" rel=\"noopener noreferrer\">CR\u00d3NICA Espectros de modernidad por Eduardo Egea, MEX<\/a><\/p>\n<p><a href=\"https:\/\/fabiolamenchelli.com\/frente.pdf\" target=\"_blank\" rel=\"noopener\">FRENTE Construcciones una Arquitectura Mental por Melissa Mota, MEX<\/a><\/p>\n<p><a href=\"https:\/\/www.ft.com\/content\/fa8aaff6-36cf-11e5-bdbb-35e55cbae175\" target=\"_blank\" rel=\"noopener noreferrer\">FINANCIAL TIMES REVISTA FT \/ Oppenheimer Funds Emerging Voice Award, Fabiola Menchelli Finalist por Jude Webber, UK<\/a><\/p>\n<p><a href=\"https:\/\/issuu.com\/c_imagen\/docs\/de-la-escultura-al-archivo\" target=\"_blank\" rel=\"noopener noreferrer\">CENTRO DE LA IMAGEN De la Escultura al Archivo, XVI Bienal de Fotograf\u00eda del Centro de la Imagen by Magnolia de la Garza, MEX<\/a><\/p>\n<p><a href=\"https:\/\/issuu.com\/c_imagen\/docs\/la-profundidad-de-la-superficie\" target=\"_blank\" rel=\"noopener noreferrer\">CENTRO DE LA IMAGEN La Profundidad de la Superficie, XVI Bienal de Fotograf\u00eda del Centro de la Imagen por Mauricio Alejo, MEX<\/a><\/p>\n<p><a href=\"https:\/\/issuu.com\/c_imagen\/docs\/bienal_16\" target=\"_blank\" rel=\"noopener noreferrer\">CENTRO DE LA IMAGEN Premio de Adquisici\u00f3n Bienal de Fotograf\u00eda Centro de la Imagen, MEX<\/a><\/p>\n<p><a href=\"http:\/\/gastv.mx\/opinion-casa-wabi-arte-entre-palmas-y-concreto\/\" target=\"_blank\" rel=\"noopener noreferrer\">GAS TV Casa Wabi: Arte entre palmas y concreto por Andrea Garc\u00eda Cuevas, MEX<\/a><\/p>\n<p><a href=\"http:\/\/artviewer.org\/fabiola-menchelli-at-yuatepec\/\" target=\"_blank\" rel=\"noopener noreferrer\">ART VIEWER Fabiola Menchelli en Yautepec, MEX<\/a><\/p>\n<p><a href=\"http:\/\/cuartoscuro.com.mx\/2014\/11\/xvi-bienal-de-fotografia\/\" target=\"_blank\" rel=\"noopener noreferrer\">CUARTO OSCURO XVI Bienal de Fotograf\u00eda, MEX<\/a><\/p>\n<p><a href=\"http:\/\/www.magentafoundation.org\/publications\/flash-forward-2013\/\" target=\"_blank\" rel=\"noopener noreferrer\">MAGENTA FOUNDATION Flash Forward 2013 \u2013 Emerging Photographers from Canada, the UK &amp; the USA<\/a><\/p>","protected":false},"excerpt":{"rendered":"<p>Glasstire review: \u201cFabiola Menchelli: ombr\u00e9\u201d at The Contemporary at Blue Star, San Antonio by Caroline Frost BOMB Magazine &#8211; Time slips in the darkness\u2028Interview with Fabiola Menchelli by Bean Gilsdorf OndaMx &#8211; Fabiola Menchelli: Plegar la Luz, por Carolina Magis Weinberg Vist &#8211; Acerca del doble, y su doblez: Entrevista a Fabiola Menchelli Por Elena &hellip; <a href=\"https:\/\/fabiolamenchelli.com\/es\/prensa\/\" class=\"more-link\">Sigue leyendo <span class=\"screen-reader-text\">Prensa<\/span> <span class=\"meta-nav\">&rarr;<\/span><\/a><\/p>\n","protected":false},"author":4,"featured_media":2424,"parent":0,"menu_order":0,"comment_status":"closed","ping_status":"closed","template":"press.php","meta":{"footnotes":""},"aioseo_notices":[],"_links":{"self":[{"href":"https:\/\/fabiolamenchelli.com\/es\/wp-json\/wp\/v2\/pages\/464"}],"collection":[{"href":"https:\/\/fabiolamenchelli.com\/es\/wp-json\/wp\/v2\/pages"}],"about":[{"href":"https:\/\/fabiolamenchelli.com\/es\/wp-json\/wp\/v2\/types\/page"}],"author":[{"embeddable":true,"href":"https:\/\/fabiolamenchelli.com\/es\/wp-json\/wp\/v2\/users\/4"}],"replies":[{"embeddable":true,"href":"https:\/\/fabiolamenchelli.com\/es\/wp-json\/wp\/v2\/comments?post=464"}],"version-history":[{"count":54,"href":"https:\/\/fabiolamenchelli.com\/es\/wp-json\/wp\/v2\/pages\/464\/revisions"}],"predecessor-version":[{"id":3688,"href":"https:\/\/fabiolamenchelli.com\/es\/wp-json\/wp\/v2\/pages\/464\/revisions\/3688"}],"wp:featuredmedia":[{"embeddable":true,"href":"https:\/\/fabiolamenchelli.com\/es\/wp-json\/wp\/v2\/media\/2424"}],"wp:attachment":[{"href":"https:\/\/fabiolamenchelli.com\/es\/wp-json\/wp\/v2\/media?parent=464"}],"curies":[{"name":"wp","href":"https:\/\/api.w.org\/{rel}","templated":true}]}}